{"id":670,"date":"2018-04-02T17:40:35","date_gmt":"2018-04-02T17:40:35","guid":{"rendered":"https:\/\/tradisom.com\/\/?post_type=product&#038;p=670"},"modified":"2025-09-01T18:22:57","modified_gmt":"2025-09-01T17:22:57","slug":"criatura","status":"publish","type":"product","link":"https:\/\/tradisom.com\/en\/product\/criatura\/","title":{"rendered":"CRIATURA &#8211; Aurora"},"content":{"rendered":"<p>Fruto de uma odisseia entusiasta de quase dois anos de trabalho, come\u00e7ou por ser a Criatura pessoal de um \u00fanico m\u00fasico, mas ao ganhar vida moveu quase uma centena de pessoas, transformando-se numa banda que \u00e9 tamb\u00e9m um colectivo, unido pela vontade de recriar a M\u00fasica Popular Portuguesa no s\u00e9c. XXI. S\u00e3o m\u00fasicos, criadores, artistas, homens e mulheres. Jovens, os pais da Criatura regidos at\u00e9 ent\u00e3o pela m\u00e3o de Edgar Valente. E junta-se ainda o poderoso Cante Alentejano do Grupo Coral e Etnogr\u00e1fico da Casa do Povo de Serpa.<\/p>\n<p>Dos corpos que teimam em cantar surgem os contos, os cantos e as hist\u00f3rias da pela e dos seus bailes, bem vincados, onde o tempo se estende e se transforma num espa\u00e7o limitado por fronteiras mas livre de expandir a energia que nele se gera. Aqui a l\u00edngua desmultiplica-se nos tantos nomes quantas as formas poss\u00edveis de se ser tradi\u00e7\u00e3o. S\u00e3o as ideias e os caminhos,\u00a0 gera\u00e7\u00f5es diferentes saberes antigos e sabores do futuro e das suas respetivas sensibilidades e sentidos. \u00c9 movimento. \u00c9, acima de tudo, um trabalho feito de amor \u00e0 Terra, da m\u00fasica, da arte como ponto de partida para chegar ao homem, do homem que se revisita, que se transforma.<\/p>\n<p>&nbsp;<\/p>\n<p><strong>IMPRENSA NACIONAL sobre &#8220;A CRIATURA&#8221;<\/strong><\/p>\n<p><strong>ARTE SONORA, Revista<\/strong><\/p>\n<p>A CRIATURA mostrou em\u00a0<em>Cem Soldos<\/em>\u00a0poder recuperar com eleg\u00e2ncia o melhor da explora\u00e7\u00e3o sonora de Jos\u00e9 M\u00e1rio Branco e de Fausto e, ao mesmo tempo, recuperar a import\u00e2ncia da palavra na verdadeira m\u00fasica popular portuguesa. Roma e Pavia n\u00e3o se fizeram num dia, mas o que a &#8220;Aurora&#8221;, o disco que est\u00e1 para sair, transbordou em palco, \u00e9 promissor quanto baste. Foi assombroso!\u00a0<strong>Arte Sonora, Revista<\/strong><\/p>\n<p>P\u00daBLICO<\/p>\n<p>A CRIATURA traz consigo modernidade e tradi\u00e7\u00e3o em doses inteligentemente equilibradas, como se a Banda do Casaco pudesse ressuscitar em pleno Alentejo com vigor renovado e id\u00eantica ast\u00facia, acenando-nos com o antigo para fazer brilhar o novo. (,,,) Na noite de 6 de Junho apresentaram ao vivo na Pra\u00e7a da Rep\u00fablica v\u00e1rios originais, que merecem desde j\u00e1, um vivo aplauso; e onde as ra\u00edzes se entrela\u00e7am com vis\u00edvel bom gosto com m\u00faltiplos sons da modernidade. Esteve com eles o Grupo Coral e Etnogr\u00e1fico da casa do Povo se Serpa, com quem a Criatura (diz Edgar) tem aprendido a usar criativamente as suas diferentes vozes. E o Coral, que canta alentejanamente a capela, at\u00e9 j\u00e1 brinca: \u201cAgora temos uma banda!\u201d. E Portugal tem uma jovem Criatura que, nascida em Serpa, promete vir a dar que falar. Estejam atentos.<\/p>\n<p>DI\u00c1RIO DE NOT\u00cdCIAS<\/p>\n<p>E se at\u00e9 aqui pouco se falou de m\u00fasica \u00e9 pela dificuldade de descrever como soa a voz de Edgar quando este, a plenos pulm\u00f5es, canta: \u201cQuem tem M\u00e3o tem tudo e Pai tamb\u00e9m \/ Quem n\u00e3o tem tudo pode ter \/ Mas quem tem pode vadiar pelo tempo \/ E voltar sempre a casa para comer \/ E voltar sempre a casa para crescer\u201d. Ou pela dificuldade de descrever aquela esp\u00e9cie de orquestra que, em <em>Aurora<\/em> entoa e acompanha. \u201cDepois da tempestade vem a bonan\u00e7a \/ Que quem espera e n\u00e3o desespera sempre alcan\u00e7a\u201d.<\/p>\n","protected":false},"excerpt":{"rendered":"<p><iframe loading=\"lazy\" src=\"https:\/\/w.soundcloud.com\/player\/?url=https%3A\/\/api.soundcloud.com\/playlists\/1456296034&amp;color=%23ff5500&amp;auto_play=false&amp;hide_related=false&amp;show_comments=true&amp;show_user=false&amp;show_reposts=false&amp;show_teaser=true\" width=\"100%\" height=\"450\" frameborder=\"no\" scrolling=\"no\"><\/iframe><\/p>\n<div style=\"font-size: 10px; color: #cccccc; line-break: anywhere; word-break: normal; overflow: hidden; white-space: nowrap; text-overflow: ellipsis; font-family: Interstate,Lucida Grande,Lucida Sans Unicode,Lucida Sans,Garuda,Verdana,Tahoma,sans-serif; font-weight: 100;\"><a style=\"color: #cccccc; text-decoration: none;\" title=\"Tradisom\" href=\"https:\/\/soundcloud.com\/tradisom\" target=\"_blank\" rel=\"noopener\">Tradisom<\/a> \u00b7 <a style=\"color: #cccccc; text-decoration: none;\" title=\"CRIATURA \u2013 Aurora\" href=\"https:\/\/soundcloud.com\/tradisom\/sets\/criatura-aurora\" target=\"_blank\" rel=\"noopener\">CRIATURA \u2013 Aurora<\/a><\/div>\n","protected":false},"featured_media":16701,"template":"","meta":[],"product_brand":[],"product_cat":[316,323,315],"product_tag":[],"class_list":{"0":"post-670","1":"product","2":"type-product","3":"status-publish","4":"has-post-thumbnail","6":"product_cat-discos-tradisom","7":"product_cat-popular-discos-tradisom","8":"product_cat-tradisom","10":"first","11":"outofstock","12":"shipping-taxable","13":"purchasable","14":"product-type-simple"},"_links":{"self":[{"href":"https:\/\/tradisom.com\/en\/wp-json\/wp\/v2\/product\/670","targetHints":{"allow":["GET"]}}],"collection":[{"href":"https:\/\/tradisom.com\/en\/wp-json\/wp\/v2\/product"}],"about":[{"href":"https:\/\/tradisom.com\/en\/wp-json\/wp\/v2\/types\/product"}],"wp:featuredmedia":[{"embeddable":true,"href":"https:\/\/tradisom.com\/en\/wp-json\/wp\/v2\/media\/16701"}],"wp:attachment":[{"href":"https:\/\/tradisom.com\/en\/wp-json\/wp\/v2\/media?parent=670"}],"wp:term":[{"taxonomy":"product_brand","embeddable":true,"href":"https:\/\/tradisom.com\/en\/wp-json\/wp\/v2\/product_brand?post=670"},{"taxonomy":"product_cat","embeddable":true,"href":"https:\/\/tradisom.com\/en\/wp-json\/wp\/v2\/product_cat?post=670"},{"taxonomy":"product_tag","embeddable":true,"href":"https:\/\/tradisom.com\/en\/wp-json\/wp\/v2\/product_tag?post=670"}],"curies":[{"name":"wp","href":"https:\/\/api.w.org\/{rel}","templated":true}]}}