{"id":646,"date":"2018-04-02T17:23:22","date_gmt":"2018-04-02T17:23:22","guid":{"rendered":"https:\/\/tradisom.com\/\/?post_type=product&#038;p=646"},"modified":"2025-09-01T18:24:27","modified_gmt":"2025-09-01T17:24:27","slug":"o-baile-da-camacha-a-origem-e-a-historia","status":"publish","type":"product","link":"https:\/\/tradisom.com\/en\/product\/o-baile-da-camacha-a-origem-e-a-historia\/","title":{"rendered":"Grupo Folcl\u00f3rico da Camacha &#8211; O Baile da Camacha"},"content":{"rendered":"<p>M\u00fasica tradicional da ilha da MADEIRA<\/p>\n<p>Integrado nas comemora\u00e7\u00f5es do 60\u00ba anivers\u00e1rio do Grupo Folcl\u00f3rico da Casa do Povo da Camacha, a direc\u00e7\u00e3o a que eu presido, decidiu reeditar as primeiras grava\u00e7\u00f5es do grupo, realizadas na d\u00e9cada de 50\/60, e editadas em discos de vinil de 45 rota\u00e7\u00f5es.<\/p>\n<p>Esta iniciativa visa sobretudo a recupera\u00e7\u00e3o deste esp\u00f3lio j\u00e1 inexistente no mercado, assim como a preserva\u00e7\u00e3o das melodias, a forma de cantar e de tocar que com o decorrer do tempo tende a modificar-se, sendo dif\u00edcil a sua transmiss\u00e3o oral.<\/p>\n<p>Nascido a 1 de Novembro de 1948, sob a orienta\u00e7\u00e3o do Sr. Dr. Alfredo Ferreira de N\u00f3brega, o Grupo Folcl\u00f3rico da Casa do Povo da Camacha comemora este ano o seu 60\u00ba anivers\u00e1rio.<\/p>\n<p>Logo de in\u00edcio teve a honra de ter tido como primeiro director art\u00edstico, o ilustre etn\u00f3grafo Madeirense Carlos Maria dos Santos, que muito contribuiu para a projec\u00e7\u00e3o do grupo quer na regi\u00e3o quer al\u00e9m fronteiras.<\/p>\n<p>Gra\u00e7as a um grande n\u00famero de homens e de mulheres que por ele passaram, o Grupo permaneceu ininterruptamente em actividade durante estes anos, tornando-se assim, no mais antigo Grupo de Folclore da Regi\u00e3o Aut\u00f3noma da Madeira.<\/p>\n<p>Com a alegria que o caracteriza transmite atrav\u00e9s dos seus cantares, bailes e outras manifesta\u00e7\u00f5es a alma do seu povo, o sentir das suas gentes.<\/p>\n<p>Num mundo de crescentes interac\u00e7\u00f5es globais, o Grupo Folcl\u00f3rico da Casa do Povo da Camacha assegura a sobreviv\u00eancia de um importante patrim\u00f3nio cultural legado pelos seus antepassados.<\/p>\n<p>Desde 1949 viaja pelo mundo elevando o nome da Camacha, da Madeira e de Portugal.<\/p>\n","protected":false},"excerpt":{"rendered":"<p><iframe loading=\"lazy\" src=\"https:\/\/w.soundcloud.com\/player\/?url=https%3A\/\/api.soundcloud.com\/playlists\/1377314686&amp;color=%2354541b&amp;auto_play=false&amp;hide_related=false&amp;show_comments=false&amp;show_user=false&amp;show_reposts=false&amp;show_teaser=false\" width=\"100%\" height=\"450\" frameborder=\"no\" scrolling=\"no\"><\/iframe><\/p>\n<div style=\"font-size: 10px; color: #cccccc; line-break: anywhere; word-break: normal; overflow: hidden; white-space: nowrap; text-overflow: ellipsis; font-family: Interstate,Lucida Grande,Lucida Sans Unicode,Lucida Sans,Garuda,Verdana,Tahoma,sans-serif; font-weight: 100;\"><a style=\"color: #cccccc; text-decoration: none;\" title=\"Tradisom\" href=\"https:\/\/soundcloud.com\/tradisom\" target=\"_blank\" rel=\"noopener\">Tradisom<\/a> \u00b7 <a style=\"color: #cccccc; text-decoration: none;\" title=\"O Baile da Camacha - GRUPO FOLCL\u00d3RICO DA CAMACHA\" href=\"https:\/\/soundcloud.com\/tradisom\/sets\/o-baile-da-camacha-grupo-folclorico-da-camacha\" target=\"_blank\" rel=\"noopener\">O Baile da Camacha &#8211; GRUPO FOLCL\u00d3RICO DA CAMACHA<\/a><\/div>\n","protected":false},"featured_media":16677,"template":"","meta":[],"product_brand":[],"product_cat":[316,322,315],"product_tag":[],"class_list":{"0":"post-646","1":"product","2":"type-product","3":"status-publish","4":"has-post-thumbnail","6":"product_cat-discos-tradisom","7":"product_cat-tradicional-discos-tradisom","8":"product_cat-tradisom","10":"first","11":"instock","12":"shipping-taxable","13":"purchasable","14":"product-type-variable"},"_links":{"self":[{"href":"https:\/\/tradisom.com\/en\/wp-json\/wp\/v2\/product\/646","targetHints":{"allow":["GET"]}}],"collection":[{"href":"https:\/\/tradisom.com\/en\/wp-json\/wp\/v2\/product"}],"about":[{"href":"https:\/\/tradisom.com\/en\/wp-json\/wp\/v2\/types\/product"}],"wp:featuredmedia":[{"embeddable":true,"href":"https:\/\/tradisom.com\/en\/wp-json\/wp\/v2\/media\/16677"}],"wp:attachment":[{"href":"https:\/\/tradisom.com\/en\/wp-json\/wp\/v2\/media?parent=646"}],"wp:term":[{"taxonomy":"product_brand","embeddable":true,"href":"https:\/\/tradisom.com\/en\/wp-json\/wp\/v2\/product_brand?post=646"},{"taxonomy":"product_cat","embeddable":true,"href":"https:\/\/tradisom.com\/en\/wp-json\/wp\/v2\/product_cat?post=646"},{"taxonomy":"product_tag","embeddable":true,"href":"https:\/\/tradisom.com\/en\/wp-json\/wp\/v2\/product_tag?post=646"}],"curies":[{"name":"wp","href":"https:\/\/api.w.org\/{rel}","templated":true}]}}