{"id":644,"date":"2018-04-02T18:22:04","date_gmt":"2018-04-02T17:22:04","guid":{"rendered":"https:\/\/tradisom.com\/\/?post_type=product&#038;p=644"},"modified":"2026-03-29T14:22:47","modified_gmt":"2026-03-29T13:22:47","slug":"isabel-silvestre-canticos-da-terra-e-da-vida","status":"publish","type":"product","link":"https:\/\/tradisom.com\/en\/product\/isabel-silvestre-canticos-da-terra-e-da-vida\/","title":{"rendered":"Isabel Silvestre \u2013 C\u00e2nticos da Terra e da Vida"},"content":{"rendered":"<p><strong>Isabel Silvestre<\/strong> \u00e9 um nome conceituado no mundo da m\u00fasica popular portuguesa. De facto, o seu nome confunde-se com a tradi\u00e7\u00e3o musical e com Manhouce, a sua terra natal e ber\u00e7o da sua aprendizagem, j\u00e1 que, ao longo de v\u00e1rias d\u00e9cadas, foi incontorn\u00e1vel o seu contributo para a preserva\u00e7\u00e3o, divulga\u00e7\u00e3o e valoriza\u00e7\u00e3o da m\u00fasica tradicional portuguesa, tanto a solo como com o Grupo de Cantares de Manhouce, um grupo com lugar na hist\u00f3ria da nossa m\u00fasica popular.<\/p>\n<p>Neste seu novo trabalho discogr\u00e1fico, <strong>Isabel Silvestre<\/strong> apresenta arranjos originais de can\u00e7\u00f5es tradicionais portuguesas, mas tamb\u00e9m de alguns temas de autor, como \u00e9 o caso de \u201cAsas de Vento\u201d, da nossa diva, Am\u00e1lia Rodrigues.<\/p>\n<p>Para isso, fez-se acompanhar de um excelente leque de m\u00fasicos (Jos\u00e9 Barros, Miguel Tapadas, Catarina Anacleto, Helena Mendes, Jo\u00e3o Bal\u00e3o, Jos\u00e9 Manuel David, Vasco Sousa Carlos SantaClara, Armindo Neves, Eduardo Monteiro, Xuxu Repas, Sandra Camilo, Andreia Jo\u00e3o e R\u00e3o Kyao, seu convidado especial) e, na sua voz inconfund\u00edvel, oferece-nos novas roupagens musicais que real\u00e7am a imemorial beleza das nossas can\u00e7\u00f5es tradicionais.<\/p>\n<p>Dando continuidade ao seu incans\u00e1vel trabalho em prol da revitaliza\u00e7\u00e3o da nossa identidade cultural, este CD constitui simultaneamente uma aposta forte e uma abordagem corajosa, pautada pela inova\u00e7\u00e3o, a sensibilidade e a delicadeza, a paix\u00e3o e a alegria, afinal, os condimentos de quem ama a sua arte e a sua terra.<\/p>\n<p>Em poucas palavras: <strong>C\u00e2nticos da Terra e da Vida<\/strong>, de Isabel Silvestre, \u00e9 o hino de uma Senhora \u00e0s tradi\u00e7\u00f5es musicais portuguesas.<\/p>\n","protected":false},"excerpt":{"rendered":"<p><strong>\u00a0<\/strong><\/p>\n<p><iframe loading=\"lazy\" src=\"https:\/\/w.soundcloud.com\/player\/?url=https%3A\/\/api.soundcloud.com\/playlists\/1367987002&amp;color=%2354541b&amp;auto_play=false&amp;hide_related=false&amp;show_comments=false&amp;show_user=false&amp;show_reposts=false&amp;show_teaser=false\" width=\"100%\" height=\"450\" frameborder=\"no\" scrolling=\"no\"><\/iframe><\/p>\n<div style=\"font-size: 10px; color: #cccccc; line-break: anywhere; word-break: normal; overflow: hidden; white-space: nowrap; text-overflow: ellipsis; font-family: Interstate,Lucida Grande,Lucida Sans Unicode,Lucida Sans,Garuda,Verdana,Tahoma,sans-serif; font-weight: 100;\"><a style=\"color: #cccccc; text-decoration: none;\" title=\"Tradisom\" href=\"https:\/\/soundcloud.com\/tradisom\" target=\"_blank\" rel=\"noopener\">Tradisom<\/a> \u00b7 <a style=\"color: #cccccc; text-decoration: none;\" title=\"C\u00e2nticos da Terra e da Vida - Isabel Silvestre\" href=\"https:\/\/soundcloud.com\/tradisom\/sets\/canticos-da-terra-e-da-vida-isabel-silvestre\" target=\"_blank\" rel=\"noopener\">C\u00e2nticos da Terra e da Vida &#8211; Isabel Silvestre<\/a><\/div>\n","protected":false},"featured_media":16675,"template":"","meta":[],"product_brand":[],"product_cat":[316,322,315],"product_tag":[],"class_list":{"0":"post-644","1":"product","2":"type-product","3":"status-publish","4":"has-post-thumbnail","6":"product_cat-discos-tradisom","7":"product_cat-tradicional-discos-tradisom","8":"product_cat-tradisom","10":"first","11":"instock","12":"shipping-taxable","13":"purchasable","14":"product-type-simple"},"_links":{"self":[{"href":"https:\/\/tradisom.com\/en\/wp-json\/wp\/v2\/product\/644","targetHints":{"allow":["GET"]}}],"collection":[{"href":"https:\/\/tradisom.com\/en\/wp-json\/wp\/v2\/product"}],"about":[{"href":"https:\/\/tradisom.com\/en\/wp-json\/wp\/v2\/types\/product"}],"wp:featuredmedia":[{"embeddable":true,"href":"https:\/\/tradisom.com\/en\/wp-json\/wp\/v2\/media\/16675"}],"wp:attachment":[{"href":"https:\/\/tradisom.com\/en\/wp-json\/wp\/v2\/media?parent=644"}],"wp:term":[{"taxonomy":"product_brand","embeddable":true,"href":"https:\/\/tradisom.com\/en\/wp-json\/wp\/v2\/product_brand?post=644"},{"taxonomy":"product_cat","embeddable":true,"href":"https:\/\/tradisom.com\/en\/wp-json\/wp\/v2\/product_cat?post=644"},{"taxonomy":"product_tag","embeddable":true,"href":"https:\/\/tradisom.com\/en\/wp-json\/wp\/v2\/product_tag?post=644"}],"curies":[{"name":"wp","href":"https:\/\/api.w.org\/{rel}","templated":true}]}}