{"id":6429,"date":"2018-05-04T09:13:50","date_gmt":"2018-05-04T09:13:50","guid":{"rendered":"https:\/\/tradisom.com\/\/?post_type=product&#038;p=6429"},"modified":"2025-11-18T00:14:19","modified_gmt":"2025-11-17T23:14:19","slug":"michel-giacometti-uma-longa-militancia","status":"publish","type":"product","link":"https:\/\/tradisom.com\/en\/product\/michel-giacometti-uma-longa-militancia\/","title":{"rendered":"Filmografia de Michel Giacometti &#8211; Volume 12 &#8211; Uma Longa Milit\u00e2ncia"},"content":{"rendered":"<p>CANTOS E RITMOS DE TRABALHO DO POVO PORTUGU\u00caS<br \/>\nRecolhidos e apresentados por Michel Giacometti<br \/>\nHomenagem a Lopes Gra\u00e7a<br \/>\n[Cassete editada durante a Festa do Avante! (1982)]\n<p>Os trechos musicais reunidos nesta cassette constituem exemplos, sociologicamente dos mais significativos, dos cantos e ritmos de trabalho do nosso povo.<br \/>\nDo estrito ponto de vista musical apresentam-se eles, sem d\u00favida, como esp\u00e9cimes de grande valia, se atendermos \u00e0 riqueza e variedade dos seus estilos, modos e estruturas ou, ainda, ao seu car\u00e1cter de autenticidade, patente quer nas mais elementares melopeias quer nas mais elaboradas polifonias.<br \/>\nAcreditamos, assim, que Cantos e Ritmos de Trabalho, para al\u00e9m do prazer e emo\u00e7\u00e3o est\u00e9tica que possa suscitar a audi\u00e7\u00e3o da voz profunda e bela do nosso povo, sirvam para melhor entendermos as raz\u00f5es da sua luta por uma vida mais digna.<\/p>\n<p>01 1m 27s<br \/>\nA Lavra (Conc. de Torres Vedras). Frases. Exclama\u00e7\u00f5es e entoa\u00e7\u00f5es que o lavrador utiliza para incitar o gado no trabalho.<\/p>\n<p>02 1m 59s<br \/>\nAs Malhas (Conc. de V. N. de Famalic\u00e3o). Canto entoado por dois ternos de tr\u00eas homens cada um, ao malhar o centeio.<\/p>\n<p>03 1m 34s<br \/>\nA Tosquia (Conc. de Fund\u00e3o). Um dos poucos cantos ainda sobreviventes que acompa\u00adnham o trabalho da tosquia.<\/p>\n<p>04 1m 40s<br \/>\nA Sementeira (Conc. de Resende). Designado localmente por \u201cRula, rula\u201d, este rude canto polif\u00f3nico \u00e9 entoado em geral por mulheres idosas, no fim da merenda e da pr\u00f3pria vessada.<\/p>\n<p>05 1m 40s<br \/>\nO Puxar da Pedra (Conc. de Tabua\u00e7o). Melopeia entoada pelo capataz e destinada a rit\u00admar e estimular o esfor\u00e7o dos homens que deslocam com alavancas as pedras de maior dimens\u00e3o.<\/p>\n<p>06 1m 55s<br \/>\nO Varejo (Conc. de Serpa). Moda de rara beleza expressiva cantada exclusivamente no varejo da azeitona.<\/p>\n<p>07 2m 12s<br \/>\nA Ceifa (Conc. de Idanha-a-Nova). Belo esp\u00e9cime de canto, utilizado t\u00e3o-somente na ceifa.<\/p>\n<p>08 1m 30s<br \/>\nA Rega (Conc. da Nazar\u00e9). O \u201cCanto dos batedores de \u00e1gua\u201d, de acordo com a designa\u00e7\u00e3o local, era entoado em geral por dois homens que, nas \u201cabertas\u201d cavadas para as deriva\u00ad\u00e7\u00f5es dos riachos, atiravam a \u00e1gua para os regos, com ajuda de vasilhas de folha munidas de um bra\u00e7o de madeira. Lado a lado, e com \u00e1gua por vezes at\u00e9 ao peito, sincronizavam os gestos ao ritmo do canto.<\/p>\n<p>09 1m 09s<br \/>\nO Ma\u00e7ar do Linho (Conc. de S. Pedro do Sul). Expressiva polifonia de ritmo funcional destinada a acompanhar o trabalho penoso das mulheres na ma\u00e7adela do linho.<\/p>\n<p>10 1m 40s<br \/>\nA Lavra (Conc. de \u00c9vora). Designado localmente por \u201cTralhoada\u201d, este canto \u00e9 entoado em di\u00e1logo pelo homem que vai \u00e0 frente das tr\u00eas juntas de bois e pelo que guia a charrua.<\/p>\n<p>11 1m 52s<br \/>\nA Ceifa (Conc. de S. Pedro do Sul). Canto de fei\u00e7\u00e3o polif\u00f3nica, tranquilo e solene, em regra entoado por mulheres na pr\u00f3pria faina.<\/p>\n<p>12 1m 07s<br \/>\nO Alar das Redes (Conc. de Faro). Melopeia entoada no alto-mar pela companha de uma traineira, ao levantar das redes.<\/p>\n<p>13 1m 54s<br \/>\nO Espadelar do Linho (Conc. de Ponte de Lima). Exemplo de canto polif\u00f3nico de rica estrutura\u00e7\u00e3o, destinado a ritmar a espadelada do linho.<\/p>\n<p>14 1m 14s<br \/>\nA Ceifa (Conc. de Vimioso). Romance das c[s]egadas entoado em di\u00e1logo por dois homens, colocados cada um numa ponta dascamaradas.<\/p>\n<p>15 2m 05s<br \/>\nA Rega [Conc. de Pampilhosa da Serra). A \u201cCan\u00e7\u00e3o da Roda\u201d, de acordo com a desig\u00adna\u00e7\u00e3o local, \u00e9 entoada por uma mulher que, pela press\u00e3o dos p\u00e9s, move um engenho erguido sobre um po\u00e7o, cuja \u00e1gua \u00e9 deste modo vertida para os regos das hortas vizinhas.<\/p>\n<p>16 1m 20s<br \/>\nA Cava (Conc. de Figueira da Foz). O capataz ou mandador utiliza este ritmo para encora\u00adjar os homens que cavam a manta no plantio do Bacelo.<\/p>\n<p>17 1m 41s<br \/>\nA Lavra (Conc. de Serpa). Este canto conhecido localmente por &#8220;Moda da Lavoura&#8221;, \u00e9 entoado pelo lavrador a guiar a charrua puxada por um par de muares.<\/p>\n<p>18 2m 17s<br \/>\nA Sacha (Conc. do Fund\u00e3o). Outro exemplo valioso de canto polif\u00f3nico, utilizado no trabalho da sacha do milho.<\/p>\n<p>SONS DA CAMPANHA AUT\u00c1RQUICA DE OURIQUE (1982)<\/p>\n<p>19 20m 43s<br \/>\nPrograma 1. Discurso do candidato \u00e0 presid\u00eancia da C\u00e2mara Municipal de Ourique, pela APU, Francisco Felgueiras(\u2020)<\/p>\n<p>20 20m 41s<br \/>\nPrograma 2. Locu\u00e7\u00e3o de vozes (Celeste Amorim(\u2020) e voz n\u00e3o identificada), com recolhas de Michel Giacometti em diversos pontos do Alentejo.<\/p>\n","protected":false},"excerpt":{"rendered":"<p><iframe loading=\"lazy\" src=\"https:\/\/w.soundcloud.com\/player\/?url=https%3A\/\/api.soundcloud.com\/playlists\/1378379095&amp;color=%2354541b&amp;auto_play=false&amp;hide_related=false&amp;show_comments=false&amp;show_user=false&amp;show_reposts=false&amp;show_teaser=false\" width=\"100%\" height=\"450\" frameborder=\"no\" scrolling=\"no\"><\/iframe><\/p>\n<div style=\"font-size: 10px; color: #cccccc; line-break: anywhere; word-break: normal; overflow: hidden; white-space: nowrap; text-overflow: ellipsis; font-family: Interstate,Lucida Grande,Lucida Sans Unicode,Lucida Sans,Garuda,Verdana,Tahoma,sans-serif; font-weight: 100;\"><a style=\"color: #cccccc; text-decoration: none;\" title=\"Tradisom\" href=\"https:\/\/soundcloud.com\/tradisom\" target=\"_blank\" rel=\"noopener\">Tradisom<\/a> \u00b7 <a style=\"color: #cccccc; text-decoration: none;\" title=\"Michel Giacometti - Uma Longa Milit\u00e2ncia\" href=\"https:\/\/soundcloud.com\/tradisom\/sets\/michel-giacometti-uma-longa-militancia\" target=\"_blank\" rel=\"noopener\">Michel Giacometti &#8211; Uma Longa Milit\u00e2ncia<\/a><\/div>\n","protected":false},"featured_media":33946,"template":"","meta":[],"product_brand":[],"product_cat":[404,326,403,315],"product_tag":[],"class_list":{"0":"post-6429","1":"product","2":"type-product","3":"status-publish","4":"has-post-thumbnail","6":"product_cat-documental","7":"product_cat-livros-tradisom","8":"product_cat-tradicional","9":"product_cat-tradisom","11":"first","12":"instock","13":"shipping-taxable","14":"purchasable","15":"product-type-simple"},"_links":{"self":[{"href":"https:\/\/tradisom.com\/en\/wp-json\/wp\/v2\/product\/6429","targetHints":{"allow":["GET"]}}],"collection":[{"href":"https:\/\/tradisom.com\/en\/wp-json\/wp\/v2\/product"}],"about":[{"href":"https:\/\/tradisom.com\/en\/wp-json\/wp\/v2\/types\/product"}],"wp:featuredmedia":[{"embeddable":true,"href":"https:\/\/tradisom.com\/en\/wp-json\/wp\/v2\/media\/33946"}],"wp:attachment":[{"href":"https:\/\/tradisom.com\/en\/wp-json\/wp\/v2\/media?parent=6429"}],"wp:term":[{"taxonomy":"product_brand","embeddable":true,"href":"https:\/\/tradisom.com\/en\/wp-json\/wp\/v2\/product_brand?post=6429"},{"taxonomy":"product_cat","embeddable":true,"href":"https:\/\/tradisom.com\/en\/wp-json\/wp\/v2\/product_cat?post=6429"},{"taxonomy":"product_tag","embeddable":true,"href":"https:\/\/tradisom.com\/en\/wp-json\/wp\/v2\/product_tag?post=6429"}],"curies":[{"name":"wp","href":"https:\/\/api.w.org\/{rel}","templated":true}]}}