{"id":475,"date":"2018-03-31T21:26:13","date_gmt":"2018-03-31T20:26:13","guid":{"rendered":"https:\/\/tradisom.com\/\/?post_type=product&#038;p=475"},"modified":"2026-08-21T16:57:50","modified_gmt":"2026-08-21T15:57:50","slug":"amalia-rodrigues-a-diva-do-fado","status":"publish","type":"product","link":"https:\/\/tradisom.com\/en\/product\/amalia-rodrigues-a-diva-do-fado\/","title":{"rendered":"Am\u00e1lia Rodrigues &#8211; A Diva Do Fado"},"content":{"rendered":"<h2>Am\u00e1lia Rodrigues \u2013 A Diva do Fado<\/h2>\n<p class=\"isSelectedEnd\"><strong>Am\u00e1lia Rodrigues \u2013 A Diva do Fado<\/strong> recupera algumas das primeiras grava\u00e7\u00f5es de uma das mais importantes figuras da m\u00fasica portuguesa, permitindo acompanhar os primeiros passos discogr\u00e1ficos da artista que viria a transformar profundamente a hist\u00f3ria do Fado e a projet\u00e1-lo internacionalmente. Esta edi\u00e7\u00e3o re\u00fane fados e can\u00e7\u00f5es gravados por Am\u00e1lia no Brasil e em Portugal entre 1945 e 1952, oferecendo um testemunho fundamental de um per\u00edodo decisivo da sua carreira.<\/p>\n<p class=\"isSelectedEnd\">Muito antes de se tornar um s\u00edmbolo de Portugal e uma das vozes portuguesas mais reconhecidas internacionalmente, Am\u00e1lia constru\u00eda j\u00e1 um percurso art\u00edstico singular. Estas grava\u00e7\u00f5es permitem escutar uma int\u00e9rprete ainda no in\u00edcio da sua carreira discogr\u00e1fica, mas na qual s\u00e3o j\u00e1 evidentes muitas das caracter\u00edsticas que viriam a definir a sua personalidade art\u00edstica: a intensidade interpretativa, o dom\u00ednio da palavra, a expressividade da voz e uma capacidade invulgar para transformar cada composi\u00e7\u00e3o numa narrativa profundamente pessoal.<\/p>\n<h2>As primeiras grava\u00e7\u00f5es de Am\u00e1lia Rodrigues<\/h2>\n<p class=\"isSelectedEnd\">As primeiras dezasseis faixas desta edi\u00e7\u00e3o reportam-se aos fonogramas gravados no <strong>Rio de Janeiro<\/strong>, pela editora Continental, em agosto e setembro de 1945. Estes registos representam um cap\u00edtulo particularmente importante da carreira de Am\u00e1lia Rodrigues e ajudam a compreender a r\u00e1pida proje\u00e7\u00e3o internacional que a cantora come\u00e7ou a conquistar ainda durante a d\u00e9cada de 1940.<\/p>\n<p class=\"isSelectedEnd\">O Brasil desempenhou um papel importante nesta primeira fase. A presen\u00e7a de Am\u00e1lia naquele pa\u00eds permitiu-lhe contactar com novos p\u00fablicos e, simultaneamente, deixar registadas algumas das interpreta\u00e7\u00f5es que come\u00e7avam a construir a sua identidade art\u00edstica. Numa \u00e9poca em que o disco constitu\u00eda um dos principais meios para levar uma voz para al\u00e9m das salas de espet\u00e1culo, estas grava\u00e7\u00f5es contribu\u00edram para fixar e divulgar o repert\u00f3rio da jovem fadista.<\/p>\n<p class=\"isSelectedEnd\">Os acompanhamentos apresentam forma\u00e7\u00f5es vari\u00e1veis, nem sempre identificadas de maneira totalmente precisa nos discos originais. Em algumas grava\u00e7\u00f5es surge a <strong>Orquestra Portuguesa de Guitarras<\/strong>, dirigida por Fernando Freitas, enquanto noutras encontramos forma\u00e7\u00f5es instrumentais mais reduzidas.<\/p>\n<p class=\"isSelectedEnd\">Nos cantares flamencos <strong>\u201cOlhos Verdes\u201d<\/strong> e <strong>\u201cLos Piconeros\u201d<\/strong>, por exemplo, o acompanhamento \u00e9 feito apenas com viola. J\u00e1 nos fados <strong>\u201cAi Mouraria\u201d<\/strong>, <strong>\u201cSardinheiras\u201d<\/strong>, <strong>\u201cMaria da Cruz\u201d<\/strong> e <strong>\u201cSaudades de Ti\u201d<\/strong>, encontramos Fernando Freitas na guitarra e Gon\u00e7alves Dias na viola, acompanhados por um piano discreto.<\/p>\n<p class=\"isSelectedEnd\">Esta diversidade instrumental permite tamb\u00e9m perceber que a identidade musical de Am\u00e1lia se encontrava em constru\u00e7\u00e3o e que o seu repert\u00f3rio ultrapassava desde cedo uma conce\u00e7\u00e3o demasiado r\u00edgida do Fado.<\/p>\n<h2>Uma voz que come\u00e7ava a conquistar o mundo<\/h2>\n<p class=\"isSelectedEnd\">Ouvir hoje estas grava\u00e7\u00f5es significa regressar a um momento em que a dimens\u00e3o internacional de Am\u00e1lia Rodrigues estava apenas a come\u00e7ar. A cantora que posteriormente atuaria nos mais importantes palcos internacionais encontrava-se ainda numa fase inicial da sua trajet\u00f3ria, embora demonstrasse j\u00e1 uma personalidade interpretativa extraordinariamente marcada.<\/p>\n<p class=\"isSelectedEnd\">Am\u00e1lia n\u00e3o se limitava a cantar as palavras e melodias que lhe eram entregues. A sua maneira de frasear, utilizar os sil\u00eancios, prolongar determinadas palavras e controlar a intensidade emocional das interpreta\u00e7\u00f5es transformava cada tema. Essa capacidade viria a ser fundamental para renovar o Fado e aproxim\u00e1-lo de p\u00fablicos que ultrapassavam largamente as fronteiras portuguesas.<\/p>\n<p class=\"isSelectedEnd\">As grava\u00e7\u00f5es hist\u00f3ricas possuem, por isso, um valor que vai muito al\u00e9m da curiosidade discogr\u00e1fica. Permitem observar a evolu\u00e7\u00e3o de uma artista e compreender como determinados elementos que mais tarde seriam imediatamente associados \u00e0 sua voz j\u00e1 estavam presentes nos primeiros anos da carreira.<\/p>\n<h2>O regresso \u00e0s grava\u00e7\u00f5es em Lisboa<\/h2>\n<p class=\"isSelectedEnd\">As quatro \u00faltimas faixas desta edi\u00e7\u00e3o correspondem a dois pares de fados gravados em <strong>Lisboa, em 1951 e 1952<\/strong>, durante duas sess\u00f5es realizadas para a editora Melodia.<\/p>\n<p class=\"isSelectedEnd\">Encontramo-nos aqui perante outro momento de transi\u00e7\u00e3o na carreira de Am\u00e1lia. Estas sess\u00f5es aconteceram ainda antes de a cantora come\u00e7ar a gravar para a <strong>Valentim de Carvalho, em julho de 1952<\/strong>, iniciando uma nova e important\u00edssima etapa da sua discografia.<\/p>\n<p class=\"isSelectedEnd\">A reuni\u00e3o das grava\u00e7\u00f5es brasileiras de 1945 com estes registos lisboetas de 1951 e 1952 permite, assim, estabelecer uma ponte entre diferentes momentos da forma\u00e7\u00e3o discogr\u00e1fica da cantora. O ouvinte pode acompanhar uma Am\u00e1lia que parte para o Brasil como jovem int\u00e9rprete e reencontr\u00e1-la alguns anos depois, j\u00e1 consolidada como uma das principais figuras do Fado portugu\u00eas.<\/p>\n<h2>Preservar as primeiras grava\u00e7\u00f5es de Am\u00e1lia<\/h2>\n<p class=\"isSelectedEnd\">Os antigos fonogramas s\u00e3o documentos essenciais para o estudo da hist\u00f3ria da m\u00fasica. Para al\u00e9m da interpreta\u00e7\u00e3o, preservam formas de acompanhamento, t\u00e9cnicas de grava\u00e7\u00e3o e caracter\u00edsticas est\u00e9ticas pr\u00f3prias de cada \u00e9poca. No caso de uma figura com a dimens\u00e3o de Am\u00e1lia Rodrigues, estes registos permitem compreender melhor a constru\u00e7\u00e3o de um percurso art\u00edstico que viria a marcar definitivamente a cultura portuguesa do s\u00e9culo XX.<\/p>\n<p class=\"isSelectedEnd\">A recupera\u00e7\u00e3o e divulga\u00e7\u00e3o destas grava\u00e7\u00f5es insere-se no trabalho desenvolvido pela Tradisom de preserva\u00e7\u00e3o do patrim\u00f3nio sonoro portugu\u00eas, procurando tornar novamente acess\u00edveis documentos musicais que ajudam a contar a nossa hist\u00f3ria.<\/p>\n<p class=\"isSelectedEnd\"><strong>Am\u00e1lia Rodrigues \u2013 A Diva do Fado<\/strong> \u00e9, por isso, mais do que uma sele\u00e7\u00e3o de grava\u00e7\u00f5es antigas. \u00c9 um documento sobre o nascimento discogr\u00e1fico de uma artista excecional e uma oportunidade para escutar a voz de Am\u00e1lia num per\u00edodo fundamental da sua evolu\u00e7\u00e3o.<\/p>\n<p class=\"isSelectedEnd\">Entre o Rio de Janeiro de 1945 e a Lisboa do in\u00edcio da d\u00e9cada de 1950 encontramos uma cantora que come\u00e7ava a construir um caminho absolutamente singular. Poucos anos depois, essa voz levaria o Fado aos grandes palcos internacionais e tornar-se-ia indissoci\u00e1vel da pr\u00f3pria imagem de Portugal.<\/p>\n<p>Estas grava\u00e7\u00f5es permitem regressar ao princ\u00edpio dessa hist\u00f3ria e descobrir <strong>Am\u00e1lia Rodrigues antes de se tornar definitivamente a Diva do Fado<\/strong>.<\/p>\n","protected":false},"excerpt":{"rendered":"<p><iframe loading=\"lazy\" src=\"https:\/\/w.soundcloud.com\/player\/?url=https%3A\/\/api.soundcloud.com\/playlists\/1456015048&amp;color=%23ff5500&amp;auto_play=false&amp;hide_related=false&amp;show_comments=true&amp;show_user=false&amp;show_reposts=false&amp;show_teaser=true\" width=\"100%\" height=\"450\" frameborder=\"no\" scrolling=\"no\"><\/iframe><\/p>\n<div style=\"font-size: 10px; color: #cccccc; line-break: anywhere; word-break: normal; overflow: hidden; white-space: nowrap; text-overflow: ellipsis; font-family: Interstate,Lucida Grande,Lucida Sans Unicode,Lucida Sans,Garuda,Verdana,Tahoma,sans-serif; font-weight: 100;\"><a style=\"color: #cccccc; text-decoration: none;\" title=\"Tradisom\" href=\"https:\/\/soundcloud.com\/tradisom\" target=\"_blank\" rel=\"noopener\">Tradisom<\/a> \u00b7 <a style=\"color: #cccccc; text-decoration: none;\" title=\"Novos Arquivos do Fado \u2013 Am\u00e1lia Rodrigues\" href=\"https:\/\/soundcloud.com\/tradisom\/sets\/novos-arquivos-do-fado-amalia-rodrigues\" target=\"_blank\" rel=\"noopener\">Novos Arquivos do Fado \u2013 Am\u00e1lia Rodrigues<\/a><\/div>\n","protected":false},"featured_media":38897,"template":"","meta":[],"product_brand":[],"product_cat":[317,315],"product_tag":[302],"class_list":["post-475","product","type-product","status-publish","has-post-thumbnail","product_cat-fado-discos-tradisom","product_cat-tradisom","product_tag-destaque","first","instock","shipping-taxable","purchasable","product-type-simple"],"_links":{"self":[{"href":"https:\/\/tradisom.com\/en\/wp-json\/wp\/v2\/product\/475","targetHints":{"allow":["GET"]}}],"collection":[{"href":"https:\/\/tradisom.com\/en\/wp-json\/wp\/v2\/product"}],"about":[{"href":"https:\/\/tradisom.com\/en\/wp-json\/wp\/v2\/types\/product"}],"wp:featuredmedia":[{"embeddable":true,"href":"https:\/\/tradisom.com\/en\/wp-json\/wp\/v2\/media\/38897"}],"wp:attachment":[{"href":"https:\/\/tradisom.com\/en\/wp-json\/wp\/v2\/media?parent=475"}],"wp:term":[{"taxonomy":"product_brand","embeddable":true,"href":"https:\/\/tradisom.com\/en\/wp-json\/wp\/v2\/product_brand?post=475"},{"taxonomy":"product_cat","embeddable":true,"href":"https:\/\/tradisom.com\/en\/wp-json\/wp\/v2\/product_cat?post=475"},{"taxonomy":"product_tag","embeddable":true,"href":"https:\/\/tradisom.com\/en\/wp-json\/wp\/v2\/product_tag?post=475"}],"curies":[{"name":"wp","href":"https:\/\/api.w.org\/{rel}","templated":true}]}}