{"id":37718,"date":"2025-11-12T12:41:02","date_gmt":"2025-11-12T11:41:02","guid":{"rendered":"https:\/\/tradisom.com\/?post_type=product&#038;p=37718"},"modified":"2025-11-17T23:52:15","modified_gmt":"2025-11-17T22:52:15","slug":"o-patrimonio-do-cante-e-a-tradicao-alentejana","status":"publish","type":"product","link":"https:\/\/tradisom.com\/en\/product\/o-patrimonio-do-cante-e-a-tradicao-alentejana\/","title":{"rendered":"O Patrim\u00f3nio do Cante e a tradi\u00e7\u00e3o alentejana"},"content":{"rendered":"<p data-start=\"302\" data-end=\"318\"><strong data-start=\"305\" data-end=\"316\">Inclui:<\/strong><\/p>\n<ul data-start=\"319\" data-end=\"1237\">\n<li data-start=\"319\" data-end=\"528\">\n<p data-start=\"321\" data-end=\"528\"><strong data-start=\"321\" data-end=\"413\"><a class=\"decorated-link\" href=\"https:\/\/tradisom.com\/produto\/o-fado-operario-no-alentejo\/\" target=\"_new\" rel=\"noopener\" data-start=\"323\" data-end=\"411\">O Fado Oper\u00e1rio no Alentejo<\/a><\/strong>: um registo raro do fado enquanto express\u00e3o social e coletiva, nascido das f\u00e1bricas e das tabernas alentejanas.<\/p>\n<\/li>\n<li data-start=\"319\" data-end=\"528\"><strong><a href=\"https:\/\/tradisom.com\/produto\/alentejo-vozes-e-esteticas-em-1939-40-armando-leca\/\">Alentejo: Vozes e Est\u00e9ticas em 1939\/40 \u2013 Armando Le\u00e7a<\/a><\/strong><a href=\"https:\/\/tradisom.com\/produto\/alentejo-vozes-e-esteticas-em-1939-40-armando-leca\/\">:<\/a> uma recolha hist\u00f3rica que revela as primeiras grava\u00e7\u00f5es do cante, realizadas no \u00e2mbito das Miss\u00f5es Etnogr\u00e1ficas do Estado Novo.<\/li>\n<li data-start=\"319\" data-end=\"528\"><strong><a href=\"https:\/\/tradisom.com\/produto\/o-povo-que-ainda-canta\/\">O Povo Que Ainda Canta<\/a><\/strong>: o testemunho audiovisual que d\u00e1 voz \u00e0s comunidades rurais e \u00e0 sua riqueza cultural.<\/li>\n<li data-start=\"319\" data-end=\"528\"><strong><a href=\"https:\/\/tradisom.com\/produto\/volume-3\/\">Filmografia de Michel Giacometti \u2013 Volume 03<\/a><\/strong>: uma viagem sonora e visual pelo pa\u00eds profundo, conduzida por Michel Giacometti, o mais importante etn\u00f3grafo da m\u00fasica popular portuguesa.<\/li>\n<\/ul>\n<p data-start=\"1239\" data-end=\"1439\"><strong data-start=\"1242\" data-end=\"1293\">Um tributo \u00e0 autenticidade da m\u00fasica portuguesa<\/strong>, onde cada voz ecoa o esp\u00edrito solid\u00e1rio e po\u00e9tico do Alentejo.<br data-start=\"1357\" data-end=\"1360\" \/>Ideal para quem valoriza a tradi\u00e7\u00e3o, a hist\u00f3ria e a beleza do canto coletivo.<\/p>\n<p data-start=\"1441\" data-end=\"1522\" data-is-last-node=\"\" data-is-only-node=\"\"><strong data-start=\"1445\" data-end=\"1479\">Dispon\u00edvel com 50% de desconto<\/strong> nesta campanha especial de Natal Tradisom de 2025.<\/p>\n","protected":false},"excerpt":{"rendered":"<p>Uma celebra\u00e7\u00e3o das vozes e da alma do Alentejo \u2014 terra onde o canto \u00e9 mem\u00f3ria, trabalho e identidade.<br data-start=\"161\" data-end=\"164\" \/>Este conjunto re\u00fane quatro obras essenciais para compreender a for\u00e7a da tradi\u00e7\u00e3o oral portuguesa e o olhar atento de quem a preservou.<\/p>\n<p data-start=\"1239\" data-end=\"1439\"><strong data-start=\"1242\" data-end=\"1293\">Um tributo \u00e0 autenticidade da m\u00fasica portuguesa<\/strong>, onde cada voz ecoa o esp\u00edrito solid\u00e1rio e po\u00e9tico do Alentejo.<br data-start=\"1357\" data-end=\"1360\" \/>Ideal para quem valoriza a tradi\u00e7\u00e3o, a hist\u00f3ria e a beleza do canto coletivo.<\/p>\n<p data-start=\"1441\" data-end=\"1522\" data-is-last-node=\"\" data-is-only-node=\"\"><strong data-start=\"1445\" data-end=\"1479\">Dispon\u00edvel com 50% de desconto<\/strong> nesta campanha especial de Natal Tradisom de 2025.<\/p>\n","protected":false},"featured_media":37721,"template":"","meta":[],"product_brand":[],"product_cat":[315,332],"product_tag":[],"class_list":{"0":"post-37718","1":"product","2":"type-product","3":"status-publish","4":"has-post-thumbnail","6":"product_cat-tradisom","7":"product_cat-promocoes-tradisom","9":"first","10":"instock","11":"sale","12":"shipping-taxable","13":"purchasable","14":"product-type-simple"},"_links":{"self":[{"href":"https:\/\/tradisom.com\/en\/wp-json\/wp\/v2\/product\/37718","targetHints":{"allow":["GET"]}}],"collection":[{"href":"https:\/\/tradisom.com\/en\/wp-json\/wp\/v2\/product"}],"about":[{"href":"https:\/\/tradisom.com\/en\/wp-json\/wp\/v2\/types\/product"}],"wp:featuredmedia":[{"embeddable":true,"href":"https:\/\/tradisom.com\/en\/wp-json\/wp\/v2\/media\/37721"}],"wp:attachment":[{"href":"https:\/\/tradisom.com\/en\/wp-json\/wp\/v2\/media?parent=37718"}],"wp:term":[{"taxonomy":"product_brand","embeddable":true,"href":"https:\/\/tradisom.com\/en\/wp-json\/wp\/v2\/product_brand?post=37718"},{"taxonomy":"product_cat","embeddable":true,"href":"https:\/\/tradisom.com\/en\/wp-json\/wp\/v2\/product_cat?post=37718"},{"taxonomy":"product_tag","embeddable":true,"href":"https:\/\/tradisom.com\/en\/wp-json\/wp\/v2\/product_tag?post=37718"}],"curies":[{"name":"wp","href":"https:\/\/api.w.org\/{rel}","templated":true}]}}