{"id":34465,"date":"2024-05-19T09:04:07","date_gmt":"2024-05-19T08:04:07","guid":{"rendered":"https:\/\/tradisom.com\/?post_type=product&#038;p=34465"},"modified":"2026-08-22T11:49:16","modified_gmt":"2026-08-22T10:49:16","slug":"canto-nono-a-forca-o-poder-da-palavra","status":"publish","type":"product","link":"https:\/\/tradisom.com\/en\/product\/canto-nono-a-forca-o-poder-da-palavra\/","title":{"rendered":"Canto Nono &#8211; A For\u00e7a (O Poder) Da Palavra \u2013 Um Canto a Jos\u00e9 M\u00e1rio Branco"},"content":{"rendered":"<h2>Canto Nono \u2013 A For\u00e7a (O Poder) da Palavra<\/h2>\n<p class=\"isSelectedEnd\"><strong>A For\u00e7a (O Poder) da Palavra<\/strong>, dos <strong>Canto Nono<\/strong>, \u00e9 uma homenagem \u00e0 obra e ao legado de <strong>Jos\u00e9 M\u00e1rio Branco<\/strong>, recriados atrav\u00e9s da for\u00e7a expressiva de oito vozes a cantar <em>\u00e0 capela<\/em>. Esta edi\u00e7\u00e3o da Tradisom re\u00fane <strong>dois discos de vinil<\/strong> e uma <strong>pen com o concerto realizado no Coliseu do Porto, a 28 de abril de 2023, e o \u00e1lbum em formato digital<\/strong>.<\/p>\n<p class=\"isSelectedEnd\">\u201cSou portugu\u00eas, nascido no Porto, pequeno-burgu\u00eas de origem, filho de professores prim\u00e1rios, artista de variedades, compositor popular, aprendiz de feiticeiro.\u201d Assim se apresentava Jos\u00e9 M\u00e1rio Branco, uma das personalidades mais marcantes da m\u00fasica e da cultura portuguesas contempor\u00e2neas.<\/p>\n<p class=\"isSelectedEnd\">Compositor, cantautor, arranjador e produtor musical, Jos\u00e9 M\u00e1rio Branco construiu uma obra indissoci\u00e1vel das grandes transforma\u00e7\u00f5es pol\u00edticas, sociais e culturais portuguesas das \u00faltimas d\u00e9cadas do s\u00e9culo XX. Uma hist\u00f3ria feita de can\u00e7\u00f5es, pensamento, interven\u00e7\u00e3o, inquieta\u00e7\u00e3o e valores. O seu impacto fez-se sentir tanto na cria\u00e7\u00e3o discogr\u00e1fica como nos palcos, na m\u00fasica e no teatro, mas tamb\u00e9m no trabalho desenvolvido com in\u00fameros artistas portugueses.<\/p>\n<h2>O Canto Nono e Jos\u00e9 M\u00e1rio Branco<\/h2>\n<p class=\"isSelectedEnd\">No dia <strong>28 de abril de 2023<\/strong>, o Coliseu Porto Ageas recebeu um espet\u00e1culo de evoca\u00e7\u00e3o de Jos\u00e9 M\u00e1rio Branco pelos <strong>Canto Nono<\/strong>, forma\u00e7\u00e3o constitu\u00edda por oito vozes com a qual o m\u00fasico manteve uma rela\u00e7\u00e3o de cumplicidade e conviv\u00eancia art\u00edstica durante cerca de vinte anos.<\/p>\n<p class=\"isSelectedEnd\">Essa proximidade est\u00e1 na origem de <strong>A For\u00e7a (O Poder) da Palavra<\/strong>. Mais do que revisitar um conjunto de can\u00e7\u00f5es, os Canto Nono recriam-nas atrav\u00e9s da voz humana, explorando harmonias, ritmos, texturas e diferentes possibilidades expressivas sem recorrer ao acompanhamento instrumental convencional.<\/p>\n<p class=\"isSelectedEnd\">Os Canto Nono s\u00e3o <strong>Dalila Teixeira, Joana Castro, Diana Gon\u00e7alves, Daniela Leite Castro, Lucas Lopes, Jorge Barata, Rui Rodrigues e Fernando Pinheiro<\/strong>.<\/p>\n<p class=\"isSelectedEnd\">Os arranjos s\u00e3o de <strong>Am\u00e9lia Muge, Ant\u00f3nio Jos\u00e9 Martins, Canto Nono, Filipe Raposo, Jos\u00e9 M\u00e1rio Branco, Jos\u00e9 Manuel David e Tom\u00e1s Pimentel<\/strong>.<\/p>\n<h2>A for\u00e7a da palavra<\/h2>\n<p class=\"isSelectedEnd\">A palavra \u00e9 uma constante em toda a obra de Jos\u00e9 M\u00e1rio Branco. A sua for\u00e7a e o seu poder sobressaem porque, para al\u00e9m da dimens\u00e3o musical, cada palavra \u00e9 dotada de inten\u00e7\u00e3o, pensamento e verdade.<\/p>\n<p class=\"isSelectedEnd\">Palavras cantadas s\u00e3o tamb\u00e9m o santo e a senha dos Canto Nono. \u00c9 atrav\u00e9s delas que o grupo procura transmitir a obra de Jos\u00e9 M\u00e1rio Branco, tornando-as cristalinas no verbo e na inten\u00e7\u00e3o, consum\u00edveis mas n\u00e3o descart\u00e1veis, para que, entrela\u00e7adas pelas oito vozes, adquiram a for\u00e7a indispens\u00e1vel ao confronto com o quotidiano.<\/p>\n<p class=\"isSelectedEnd\">Tal como num poema, podemos ser uma pessoa quando entramos numa can\u00e7\u00e3o de Jos\u00e9 M\u00e1rio Branco e outra quando sa\u00edmos dela. Nas suas can\u00e7\u00f5es n\u00e3o existe neutralidade. S\u00e3o fruto de um permanente exerc\u00edcio do pensamento, mas tamb\u00e9m de uma extraordin\u00e1ria capacidade para transformar ideias, hist\u00f3rias, personagens e inquieta\u00e7\u00f5es em m\u00fasica.<\/p>\n<p class=\"isSelectedEnd\">Neste percurso, os Canto Nono n\u00e3o fazem da obra de Jos\u00e9 M\u00e1rio Branco uma simples <em>Travessia do Deserto<\/em>. Passam pela \u201cArc\u00e1dia\u201d, deixam um \u201cRecado ao Porto\u201d, encontram \u201cEtelvina\u201d e a \u201cRonda do Soldadinho\u201d, recordam \u201cAs Canseiras Desta Vida\u201d, perguntam \u201cO Que Ser\u00e1?\u201d e mostram \u201cDo Que Um Homem \u00c9 Capaz\u201d. E fazem-no sabendo que, atrav\u00e9s da m\u00fasica, tamb\u00e9m se podem mudar os tempos e as vontades.<\/p>\n<h2>Dois vinis e o concerto no Coliseu do Porto<\/h2>\n<p class=\"isSelectedEnd\">A edi\u00e7\u00e3o f\u00edsica apresenta o repert\u00f3rio distribu\u00eddo por <strong>dois discos de vinil<\/strong>:<\/p>\n<p class=\"isSelectedEnd\"><strong>Vinil 1 \u2013 Lado A<\/strong><\/p>\n<ol start=\"1\" data-spread=\"false\">\n<li>Pr\u00f3logo \u2013 02:04<\/li>\n<li>As Canseiras Desta Vida \u2013 04:11<\/li>\n<li>Cantiga de Trabalho \u2013 08:06<\/li>\n<li>Do Que Um Homem \u00c9 Capaz \u2013 04:15<\/li>\n<\/ol>\n<p class=\"isSelectedEnd\"><strong>Vinil 1 \u2013 Lado B<\/strong><br \/>\n5. Canto dos Torna-Viagem \u2013 05:53<br \/>\n6. O Que Ser\u00e1? \u2013 02:47<br \/>\n7. Recado ao Porto \u2013 03:39<br \/>\n8. Ela Tinha Uma Amiga \u2013 02:32<br \/>\n9. Habita-Ac\u00e7\u00e3o \u2013 04:23<\/p>\n<p class=\"isSelectedEnd\"><strong>Vinil 2 \u2013 Lado C<\/strong><br \/>\n10. Ronda do Soldadinho \u2013 03:17<br \/>\n11. Etelvina \u2013 03:50<br \/>\n12. Arc\u00e1dia \u2013 02:59<br \/>\n13. N\u00e3o Te Prendas a Uma Onda Qualquer \u2013 03:43<br \/>\n14. Tiro-no-Liro \u2013 03:59<\/p>\n<p class=\"isSelectedEnd\"><strong>Vinil 2 \u2013 Lado D<\/strong><br \/>\n15. Mudam-se os Tempos, Mudam-se as Vontades \u2013 03:17<br \/>\n16. Remendos e C\u00f4deas \u2013 02:45<br \/>\n17. S. Jo\u00e3o do Porto \u2013 04:01<br \/>\n18. Medley \u2013 07:45<\/p>\n<p class=\"isSelectedEnd\">A edi\u00e7\u00e3o inclui ainda uma <strong>pen com o registo do concerto dos Canto Nono no Coliseu do Porto, realizado a 28 de abril de 2023, e o \u00e1lbum em vers\u00e3o digital<\/strong>, permitindo guardar n\u00e3o apenas as interpreta\u00e7\u00f5es musicais, mas tamb\u00e9m a dimens\u00e3o performativa deste encontro com a obra de Jos\u00e9 M\u00e1rio Branco.<\/p>\n<p class=\"isSelectedEnd\"><strong>A For\u00e7a (O Poder) da Palavra<\/strong> \u00e9, assim, simultaneamente homenagem, recria\u00e7\u00e3o e testemunho. Uma edi\u00e7\u00e3o para redescobrir Jos\u00e9 M\u00e1rio Branco atrav\u00e9s de oito vozes que conheceram de perto o m\u00fasico e a sua obra e que transformam as suas palavras numa experi\u00eancia coral singular.<\/p>\n<p>E no final, quem sabe, talvez cada um de n\u00f3s se tenha tornado tamb\u00e9m, um pouco, <strong>aprendiz de feiticeiro<\/strong>.<\/p>\n","protected":false},"excerpt":{"rendered":"<p>Com duas op\u00e7\u00f5es:<br \/>\nVinil<br \/>\nVinil + USB (com o concerto no Coliseu do Porto e o \u00e1lbum em vers\u00e3o digital)<\/p>\n<p><iframe loading=\"lazy\" title=\"YouTube video player\" src=\"https:\/\/www.youtube.com\/embed\/kwmNGSVNlQ8?si=wJ7vImwWhHBYLHJf\" width=\"560\" height=\"315\" frameborder=\"0\" allowfullscreen=\"allowfullscreen\"><\/iframe><\/p>\n","protected":false},"featured_media":38909,"template":"","meta":[],"product_brand":[],"product_cat":[316,322,315],"product_tag":[],"class_list":["post-34465","product","type-product","status-publish","has-post-thumbnail","product_cat-discos-tradisom","product_cat-tradicional-discos-tradisom","product_cat-tradisom","first","instock","shipping-taxable","purchasable","product-type-variable"],"_links":{"self":[{"href":"https:\/\/tradisom.com\/en\/wp-json\/wp\/v2\/product\/34465","targetHints":{"allow":["GET"]}}],"collection":[{"href":"https:\/\/tradisom.com\/en\/wp-json\/wp\/v2\/product"}],"about":[{"href":"https:\/\/tradisom.com\/en\/wp-json\/wp\/v2\/types\/product"}],"wp:featuredmedia":[{"embeddable":true,"href":"https:\/\/tradisom.com\/en\/wp-json\/wp\/v2\/media\/38909"}],"wp:attachment":[{"href":"https:\/\/tradisom.com\/en\/wp-json\/wp\/v2\/media?parent=34465"}],"wp:term":[{"taxonomy":"product_brand","embeddable":true,"href":"https:\/\/tradisom.com\/en\/wp-json\/wp\/v2\/product_brand?post=34465"},{"taxonomy":"product_cat","embeddable":true,"href":"https:\/\/tradisom.com\/en\/wp-json\/wp\/v2\/product_cat?post=34465"},{"taxonomy":"product_tag","embeddable":true,"href":"https:\/\/tradisom.com\/en\/wp-json\/wp\/v2\/product_tag?post=34465"}],"curies":[{"name":"wp","href":"https:\/\/api.w.org\/{rel}","templated":true}]}}