{"id":16898,"date":"2021-08-23T15:55:14","date_gmt":"2021-08-23T14:55:14","guid":{"rendered":"https:\/\/tradisom.com\/?post_type=product&#038;p=16898"},"modified":"2025-11-18T17:59:23","modified_gmt":"2025-11-18T16:59:23","slug":"20-anos-ana-lains-e-convidados-ao-vivo-no-casino-estoril","status":"publish","type":"product","link":"https:\/\/tradisom.com\/en\/product\/20-anos-ana-lains-e-convidados-ao-vivo-no-casino-estoril\/","title":{"rendered":"20 Anos &#8211; Ana La\u00edns e Convidados ao vivo no Casino Estoril"},"content":{"rendered":"<div style=\"padding-right: 10%; padding-left: 10%;\">\n<p><strong>Ana La\u00edns edita \u201c20 Anos &#8211; Ana La\u00edns e Convidados ao vivo no Casino Estoril\u201d, um \u00e1lbum gravado no concerto de celebra\u00e7\u00e3o de 20 anos de carreira da artista que esgotou o Sal\u00e3o Preto e Prata do Casino Estoril em janeiro de 2020.<\/strong>Este \u00e1lbum conta com participa\u00e7\u00f5es de v\u00e1rios convidados como Lu\u00eds Represas, Ivan Lins, Mafalda Arnauth, Fernando Pereira, entre outros.<\/p>\n<p>O disco \u201c<strong>20 Anos &#8211; Ana La\u00edns e Convidados ao vivo no Casino Estoril<\/strong>\u201d \u00e9 editado em formato disco \/ livro que inclui o <strong>\u00e1udio <\/strong>completo do concerto assim como registos fotogr\u00e1ficos \u00fanicos desta noite de celebra\u00e7\u00e3o de uma carreira totalmente dedicada \u00e0 m\u00fasica tradicional portuguesa.<\/p>\n<p>Sobre este lan\u00e7amento, <strong>Ana<\/strong> <strong>La\u00edns<\/strong> caracteriza este disco como<em> \u201c<strong>uma carta de amor<\/strong>.\u00a0Uma carta escrita com a pena da resili\u00eancia. Mas \u00e9 tamb\u00e9m uma carta que comecei e rasguei muitas vezes no decorrer dos \u00faltimos 20 anos. Porqu\u00ea? Porque n\u00e3o \u00e9 f\u00e1cil entregar um cora\u00e7\u00e3o inteiro a um pa\u00eds, \u00e0 condi\u00e7\u00e3o de se ter nascido dele, e nele, sem obter, muitas vezes, a reciprocidade desejada.\u201d<\/em><\/p>\n<p>Al\u00e9m de ser um <strong>disco\/celebra\u00e7\u00e3o de 20 anos de carreira<\/strong> e de dedica\u00e7\u00e3o \u00e0 promo\u00e7\u00e3o da l\u00edngua e cultura tradicional portuguesas, este trabalho tem tamb\u00e9m a peculiaridade de n\u00e3o esquecer a 2.\u00aa l\u00edngua oficial portuguesa, o <strong><u>Mirand\u00eas<\/u><\/strong>, <strong>uma vez que, em colabora\u00e7\u00e3o com a Associa\u00e7\u00e3o de L\u00edngua Mirandesa, todas as can\u00e7\u00f5es do alinhamento deste concerto foram traduzidas para esta l\u00edngua<\/strong><\/p>\n<p>Sobre a inclus\u00e3o e preocupa\u00e7\u00e3o de traduzir o seu trabalho para o <strong><u>Mirand\u00eas<\/u><\/strong>, Ana La\u00edns refere que \u201c<em>este disco n\u00e3o \u00e9 sobre afirmar que todos os portugueses dever\u00e3o aprender o Mirand\u00eas, falado e escrito, em detrimento do portugu\u00eas. \u00c9 sobre dizer aos portugueses e ao mundo, que existe uma 2.\u00aa L\u00edngua Oficial em Portugal, proveniente do asturo-leon\u00eas, que ao ocupar o seu espa\u00e7o na nossa identidade enquanto povo, apenas nos enriquece, nos torna mais diversos e completos.\u201d<\/em><\/p>\n<p>Este disco ser\u00e1 editado a 14 de maio e est\u00e1 em pr\u00e9-venda a partir de 14 de abril em exclusivo em <a href=\"https:\/\/fnac.pt\/\" target=\"_blank\" rel=\"noopener nofollow\">FNAC.pt<\/a>.<\/p>\n<p>O disco conta com a participa\u00e7\u00e3o de in\u00fameros convidados que foram fulcrais no percurso de Ana La\u00edns, como:\u00a0<strong>Lu\u00eds<\/strong> <strong>Represas<\/strong>, <strong>Ivan<\/strong> <strong>Lins<\/strong>,\u00a0<strong>Mafalda<\/strong> <strong>Arnauth<\/strong>,\u00a0<strong>Fernando Pereira<\/strong>, <strong>Silvestre Fonseca<\/strong>, <strong>Fernando A. Pereira<\/strong> (trovador) e ainda o <strong>Grupo Cantares de \u00c9vora<\/strong> e as <strong>Adufeiras de Idanha-a-Nova.<\/strong><\/p>\n<p><strong>Ana La\u00edns<\/strong> \u00e9 tudo isto nos seus 20 anos de carreira, uma cantora que se move dentro de uma linguagem art\u00edstica muito pr\u00f3pria, fora do \u00e2mbito normal do fado. Ao longo do seu percurso tem desenvolvido um trabalho que se caracteriza pela fus\u00e3o de v\u00e1rias sonoridades portuguesas e das diferentes culturas que se aglutinam no nosso pa\u00eds, mas numa constante homenagem e respeito para com a L\u00edngua Portuguesa.<\/p>\n<p>S\u00e3o estas peculiaridades na sua voz, m\u00fasica e sonoridade que tornam <strong>Ana<\/strong> <strong>La\u00edns<\/strong> \u00fanica e que t\u00eam despertado o interesse de programadores e p\u00fablicos internacionais, por v\u00e1rias ocasi\u00f5es, ao longo dos seus 20 anos de carreira: em 2009 participou do tema \u201c<strong>Amazing<\/strong> <strong>Grace<\/strong>\u201d do premiado artista <strong>Boy<\/strong> <strong>George, <\/strong>em 2014 \u00e9 nomeada <em>\u201cEmbaixadora das Comemora\u00e7\u00f5es dos 8 s\u00e9culos de L\u00edngua Portuguesa\u201d<\/em> e em 2017 o seu disco \u201c<strong>PORTUCALIS<\/strong>\u201d, al\u00e9m de ser um sucesso na cr\u00edtica em Portugal, foi tamb\u00e9m considerado um dos 10 melhores \u00e1lbuns do ano pela imprensa Sueca e Espanhola.<\/p>\n<p>Ao longo dos 20 anos de carreira embarcou em vastas digress\u00f5es internacionais que passaram por cidades como <strong>Barcelona<\/strong>, <strong>Madrid<\/strong>, <strong>Sevilha<\/strong>, <strong>Sarago\u00e7a<\/strong>, <strong>Zamora<\/strong>, <strong>Bucareste<\/strong>, <strong>Baku<\/strong>, com especial destaque para o Festival Internacional de M\u00fasica de <strong>Izmir<\/strong> (Turquia), que foi a primeira vez que recebeu uma cantora portuguesa em palco.<\/p>\n<div><\/div>\n<\/div>\n","protected":false},"excerpt":{"rendered":"<p>CD1<br \/>\n<iframe loading=\"lazy\" src=\"https:\/\/w.soundcloud.com\/player\/?url=https%3A\/\/api.soundcloud.com\/playlists\/1317299488&amp;color=%23ff5500&amp;auto_play=false&amp;hide_related=false&amp;show_comments=true&amp;show_user=false&amp;show_reposts=false&amp;show_teaser=true\" width=\"100%\" height=\"450\" frameborder=\"no\" scrolling=\"no\"><\/iframe><\/p>\n<p>CD2<br \/>\n<iframe loading=\"lazy\" src=\"https:\/\/w.soundcloud.com\/player\/?url=https%3A\/\/api.soundcloud.com\/playlists\/1317304915&amp;color=%2354541b&amp;auto_play=false&amp;hide_related=false&amp;show_comments=false&amp;show_user=false&amp;show_reposts=false&amp;show_teaser=false\" width=\"100%\" height=\"450\" frameborder=\"no\" scrolling=\"no\"><\/iframe><\/p>\n","protected":false},"featured_media":16899,"template":"","meta":[],"product_brand":[],"product_cat":[316,321,328,317,326,403,322,315],"product_tag":[],"class_list":{"0":"post-16898","1":"product","2":"type-product","3":"status-publish","4":"has-post-thumbnail","6":"product_cat-discos-tradisom","7":"product_cat-edicoes-especiais-tradisom","8":"product_cat-fado-livros-tradisom","9":"product_cat-fado-discos-tradisom","10":"product_cat-livros-tradisom","11":"product_cat-tradicional","12":"product_cat-tradicional-discos-tradisom","13":"product_cat-tradisom","15":"first","16":"instock","17":"shipping-taxable","18":"purchasable","19":"product-type-simple"},"_links":{"self":[{"href":"https:\/\/tradisom.com\/en\/wp-json\/wp\/v2\/product\/16898","targetHints":{"allow":["GET"]}}],"collection":[{"href":"https:\/\/tradisom.com\/en\/wp-json\/wp\/v2\/product"}],"about":[{"href":"https:\/\/tradisom.com\/en\/wp-json\/wp\/v2\/types\/product"}],"wp:featuredmedia":[{"embeddable":true,"href":"https:\/\/tradisom.com\/en\/wp-json\/wp\/v2\/media\/16899"}],"wp:attachment":[{"href":"https:\/\/tradisom.com\/en\/wp-json\/wp\/v2\/media?parent=16898"}],"wp:term":[{"taxonomy":"product_brand","embeddable":true,"href":"https:\/\/tradisom.com\/en\/wp-json\/wp\/v2\/product_brand?post=16898"},{"taxonomy":"product_cat","embeddable":true,"href":"https:\/\/tradisom.com\/en\/wp-json\/wp\/v2\/product_cat?post=16898"},{"taxonomy":"product_tag","embeddable":true,"href":"https:\/\/tradisom.com\/en\/wp-json\/wp\/v2\/product_tag?post=16898"}],"curies":[{"name":"wp","href":"https:\/\/api.w.org\/{rel}","templated":true}]}}