{"id":16893,"date":"2021-08-23T15:49:07","date_gmt":"2021-08-23T14:49:07","guid":{"rendered":"https:\/\/tradisom.com\/?post_type=product&#038;p=16893"},"modified":"2026-04-10T09:48:56","modified_gmt":"2026-04-10T08:48:56","slug":"uma-vontade-de-musica-as-cantigas-do-zeca-de-octavio-fonseca","status":"publish","type":"product","link":"https:\/\/tradisom.com\/en\/product\/uma-vontade-de-musica-as-cantigas-do-zeca-de-octavio-fonseca\/","title":{"rendered":"Uma Vontade de M\u00fasica &#8211; As Cantigas do Zeca, de Oct\u00e1vio  Fonseca"},"content":{"rendered":"\t<div class=\"img has-hover x md-x lg-x y md-y lg-y\" id=\"image_2095252697\">\n\t\t\t\t\t\t\t\t<div class=\"img-inner dark\" style=\"margin:0px 0px 26px 0px;\">\n\t\t\t\t\t\t\t\t\t\n\t\t\t\t\t<\/div>\n\t\t\t\t\t\t\t\t\n<style>\n#image_2095252697 {\n  width: 100%;\n}\n<\/style>\n\t<\/div>\n\t\n<div style=\"padding-right: 10%; padding-left: 10%;\">\n<p>Jos\u00e9 Afonso sempre subestimou a import\u00e2ncia das suas can\u00e7\u00f5es, achava que eram coisa pouco importante no conjunto das actividades antifascistas. Afinal, tiveram um peso enorme na luta do povo portugu\u00eas pela liberdade.A sua obra, por\u00e9m, vai muito para al\u00e9m da m\u00fasica de interven\u00e7\u00e3o pol\u00edtica.<\/p>\n<p>Ainda assim, muitos persistem em reduzi-lo ao cantor de interven\u00e7\u00e3o que ele tamb\u00e9m foi, desvalorizando a sua m\u00fasica e a sua poesia no que elas t\u00eam de universal e artisticamente superior.<\/p>\n<p>Confinar Jos\u00e9 Afonso na gaveta da m\u00fasica de interven\u00e7\u00e3o \u00e9 n\u00e3o compreender que a dimens\u00e3o art\u00edstica das suas can\u00e7\u00f5es est\u00e1 ao n\u00edvel do que de mais importante se fez na m\u00fasica popular universal do s\u00e9culo XX.<\/p>\n<p>Em cada uma das suas can\u00e7\u00f5es pressente-se uma preocupa\u00e7\u00e3o sistem\u00e1tica para responder musicalmente \u00e0 mensagem contida nas letras, que para ele tinham uma import\u00e2ncia primordial. Para o conseguir, Jos\u00e9 Afonso inventou solu\u00e7\u00f5es musicais extraordin\u00e1rias e surpreendentes e introduziu diversas inova\u00e7\u00f5es na nossa can\u00e7\u00e3o popular.<\/p>\n<p>Por tr\u00e1s das suas preocupa\u00e7\u00f5es pol\u00edticas e liter\u00e1rias havia sem d\u00favida UMA irrecus\u00e1vel VONTADE DE M\u00daSICA!<\/p>\n<p><strong>&#8220;O autor conseguiu reunir neste trabalho um dos mais preciosos acervos de testemunhos de cr\u00edticos, de jornalistas, de amigos e companheiros do Jos\u00e9 Afonso e, nessa variedade e riqueza, \u00e0s vezes com naturais contradi\u00e7\u00f5es interpretativas, o leitor pode compreender com profundidade a obra e o processo criativo de Jos\u00e9 Afonso. Aconselho a leitura deste trabalho; talvez esteja aqui um Jos\u00e9 Afonso completo.&#8221;<\/strong> Rui Pato<\/p>\n<\/div>\n","protected":false},"excerpt":{"rendered":"<p>Livro de capa dura com 312 p\u00e1ginas, com ilustra\u00e7\u00f5es de Pedro Sousa Pereira.<\/p>\n<p><span style=\"font-size: 110%;\"><strong>&#8220;Aconselho a leitura deste trabalho; talvez esteja aqui um Jos\u00e9 Afonso completo.<\/strong><strong>&#8220;<\/strong> Rui Pato<\/span><\/p>\n","protected":false},"featured_media":28968,"template":"","meta":[],"product_brand":[],"product_cat":[404,321,326,403,315],"product_tag":[],"class_list":{"0":"post-16893","1":"product","2":"type-product","3":"status-publish","4":"has-post-thumbnail","6":"product_cat-documental","7":"product_cat-edicoes-especiais-tradisom","8":"product_cat-livros-tradisom","9":"product_cat-tradicional","10":"product_cat-tradisom","12":"first","13":"instock","14":"shipping-taxable","15":"purchasable","16":"product-type-simple"},"_links":{"self":[{"href":"https:\/\/tradisom.com\/en\/wp-json\/wp\/v2\/product\/16893","targetHints":{"allow":["GET"]}}],"collection":[{"href":"https:\/\/tradisom.com\/en\/wp-json\/wp\/v2\/product"}],"about":[{"href":"https:\/\/tradisom.com\/en\/wp-json\/wp\/v2\/types\/product"}],"wp:featuredmedia":[{"embeddable":true,"href":"https:\/\/tradisom.com\/en\/wp-json\/wp\/v2\/media\/28968"}],"wp:attachment":[{"href":"https:\/\/tradisom.com\/en\/wp-json\/wp\/v2\/media?parent=16893"}],"wp:term":[{"taxonomy":"product_brand","embeddable":true,"href":"https:\/\/tradisom.com\/en\/wp-json\/wp\/v2\/product_brand?post=16893"},{"taxonomy":"product_cat","embeddable":true,"href":"https:\/\/tradisom.com\/en\/wp-json\/wp\/v2\/product_cat?post=16893"},{"taxonomy":"product_tag","embeddable":true,"href":"https:\/\/tradisom.com\/en\/wp-json\/wp\/v2\/product_tag?post=16893"}],"curies":[{"name":"wp","href":"https:\/\/api.w.org\/{rel}","templated":true}]}}